{"id":9847,"date":"2026-02-24T15:11:45","date_gmt":"2026-02-24T07:11:45","guid":{"rendered":"https:\/\/www.packqc.com\/standard\/iso-9895\/"},"modified":"2026-04-16T09:54:22","modified_gmt":"2026-04-16T01:54:22","slug":"iso-9895","status":"publish","type":"standard","link":"https:\/\/www.packqc.com\/hu\/standard\/iso-9895\/","title":{"rendered":"ISO 9895"},"content":{"rendered":"<h2 class=\"wp-block-heading\">Az SCT teszt meg\u00e9rt\u00e9se \u00e9s ipari jelent\u0151s\u00e9ge<\/h2>\n\n\n\n<p>A <strong data-start=\"922\" data-end=\"934\">SCT teszt<\/strong>, vagy r\u00f6vidt\u00e1v\u00fa nyom\u00f3vizsg\u00e1lat, elengedhetetlen a pap\u00edr- \u00e9s kartonanyagok s\u00edkbeli nyom\u00f3szil\u00e1rds\u00e1g\u00e1nak \u00e9rt\u00e9kel\u00e9s\u00e9hez. Ez a vizsg\u00e1lat szimul\u00e1lja az egym\u00e1sra helyez\u00e9s, a rakod\u00e1s \u00e9s a csomagol\u00e1si alkalmaz\u00e1sok sor\u00e1n fell\u00e9p\u0151 fesz\u00fclts\u00e9geket - k\u00fcl\u00f6n\u00f6sen a hull\u00e1mkarton gy\u00e1rt\u00e1sa sor\u00e1n.<\/p>\n\n\n\n<p>Az ISO 9895 m\u00f3dszer egy <strong data-start=\"1227\" data-end=\"1260\">r\u00f6vid nyom\u00f3vizsg\u00e1lat\u00fa t\u00f6m\u00f6rs\u00e9gvizsg\u00e1l\u00f3<\/strong> egy 15 mm sz\u00e9les tesztcs\u00edk r\u00f6gz\u00edt\u00e9s\u00e9re, a pof\u00e1k k\u00f6z\u00f6tt mind\u00f6ssze 0,7 mm-es feszt\u00e1vols\u00e1ggal. A bilincsek ezut\u00e1n addig nyomj\u00e1k \u00f6ssze a pr\u00f3badarabot, am\u00edg az meghajlik vagy meghib\u00e1sodik, \u00e9s m\u00e9rik a <strong data-start=\"1418\" data-end=\"1435\">maxim\u00e1lis er\u0151<\/strong> alkalmazott. Ezt az \u00e9rt\u00e9ket a nyom\u00f3szil\u00e1rds\u00e1g kilonewton\/m\u00e9terben (kN\/m) t\u00f6rt\u00e9n\u0151 kisz\u00e1m\u00edt\u00e1s\u00e1hoz haszn\u00e1lj\u00e1k, ami kritikus inform\u00e1ci\u00f3t ny\u00fajt a kartongy\u00e1rt\u00f3k \u00e9s a csomagol\u00f3m\u00e9rn\u00f6k\u00f6k sz\u00e1m\u00e1ra.<\/p>\n\n\n\n<p>Ez a vizsg\u00e1lat k\u00fcl\u00f6n\u00f6sen alkalmas olyan pap\u00edrok eset\u00e9ben, amelyeknek a t\u00f6megtartom\u00e1nya a k\u00f6vetkez\u0151 tartom\u00e1nyba esik <strong data-start=\"1678\" data-end=\"1697\">100-400 g\/m\u00b2<\/strong>, \u00e1ltal\u00e1ban megtal\u00e1lhat\u00f3 a <strong data-start=\"1717\" data-end=\"1761\">kont\u00e9nerpap\u00edr, kraft b\u00e9l\u00e9s \u00e9s bord\u00e1zat<\/strong> alkalmaz\u00e1sok. A gy\u00e1rt\u00f3k gyakran el\u0151nyben r\u00e9szes\u00edtik az SCT-vizsg\u00e1latot m\u00e1s m\u00f3dszerekkel szemben, mivel az alacsony terhel\u00e9si tartom\u00e1ny \u00e9s a doboz nyom\u00f3szil\u00e1rds\u00e1g\u00e1val (BCT) val\u00f3 szoros korrel\u00e1ci\u00f3 miatt.<\/p>\n\n\n\n<h2 class=\"wp-block-heading\">Az ISO 9895 vizsg\u00e1lat legfontosabb param\u00e9terei<\/h2>\n\n\n\n<p>Az ISO 9895 szigor\u00fa vizsg\u00e1lati felt\u00e9teleket \u00e9s k\u00e9sz\u00fcl\u00e9kk\u00f6vetelm\u00e9nyeket hat\u00e1roz meg a k\u00f6vetkezetess\u00e9g \u00e9s pontoss\u00e1g biztos\u00edt\u00e1sa \u00e9rdek\u00e9ben:<\/p>\n\n\n\n<ul class=\"wp-block-list\">\n<li><strong data-start=\"2060\" data-end=\"2075\">R\u00f6gz\u00edt\u0151 sz\u00e9less\u00e9ge<\/strong>: 30 mm<\/li>\n\n\n\n<li><strong data-start=\"2085\" data-end=\"2103\">Szor\u00edt\u00f3er\u0151<\/strong>: 2,300 \u00b1 500 N<\/li>\n\n\n\n<li><strong data-start=\"2121\" data-end=\"2144\">A bilincsek k\u00f6z\u00f6tti t\u00e1vols\u00e1g<\/strong>: 0,70 mm \u00b1 0,05 mm<\/li>\n\n\n\n<li><strong data-start=\"2166\" data-end=\"2187\">T\u00f6m\u00f6r\u00edt\u00e9si sebess\u00e9g<\/strong>: 3 mm\/min \u00b1 1 mm\/min<\/li>\n\n\n\n<li><strong data-start=\"2211\" data-end=\"2224\">Pontoss\u00e1g<\/strong>: \u00b11% hiba a teljes sk\u00e1latartom\u00e1ny 10-100% tartom\u00e1ny\u00e1n bel\u00fcl<\/li>\n<\/ul>\n\n\n\n<p>A m\u00e9r\u00e9si pontoss\u00e1g \u00e9s a k\u00f6vetkezetes mintael\u0151k\u00e9sz\u00edt\u00e9s kritikus fontoss\u00e1g\u00fa. Kondicion\u00e1l\u00e1s a <strong data-start=\"2371\" data-end=\"2382\">ISO 187<\/strong> \u00e9s a grammatikai meghat\u00e1roz\u00e1s per <strong data-start=\"2414\" data-end=\"2425\">ISO 536<\/strong> a vizsg\u00e1lat el\u0151tt sz\u00fcks\u00e9ges.<\/p>\n\n\n\n<h2 class=\"wp-block-heading\">A Short Span Compression Tester el\u0151nyei a pap\u00edrvizsg\u00e1latban<\/h2>\n\n\n\n<p>Egy <strong data-start=\"2537\" data-end=\"2570\">r\u00f6vid nyom\u00f3vizsg\u00e1lat\u00fa t\u00f6m\u00f6rs\u00e9gvizsg\u00e1l\u00f3<\/strong> sz\u00e1mos el\u0151nnyel j\u00e1r:<\/p>\n\n\n\n<ul class=\"wp-block-list\">\n<li><strong data-start=\"2600\" data-end=\"2630\">Gyors \u00e9s pontos tesztel\u00e9s<\/strong> minim\u00e1lis mintael\u0151k\u00e9sz\u00edt\u00e9ssel<\/li>\n\n\n\n<li><strong data-start=\"2667\" data-end=\"2712\">Er\u0151s korrel\u00e1ci\u00f3 a v\u00e9gfelhaszn\u00e1l\u00f3i teljes\u00edtm\u00e9nnyel<\/strong>, k\u00fcl\u00f6n\u00f6sen a hull\u00e1mpap\u00edr \u00e9s a hajtogatott dobozok eset\u00e9ben<\/li>\n\n\n\n<li><strong data-start=\"2758\" data-end=\"2800\">Magas fok\u00fa ism\u00e9telhet\u0151s\u00e9g \u00e9s reproduk\u00e1lhat\u00f3s\u00e1g<\/strong>, elengedhetetlen a QA\/QC m\u0171veletekhez<\/li>\n\n\n\n<li><strong data-start=\"2835\" data-end=\"2858\">\u00c9rz\u00e9keny \u00e9szlel\u00e9s<\/strong> a g\u00e9pi ir\u00e1ny\u00fa (MD) \u00e9s keresztir\u00e1ny\u00fa (CD) szil\u00e1rds\u00e1gi tulajdons\u00e1gok finom k\u00fcl\u00f6nbs\u00e9gei<\/li>\n<\/ul>\n\n\n\n<p>A <strong data-start=\"2957\" data-end=\"3014\">Cell Instruments SCT-01 R\u00f6vid nyomtat\u00e1si tartom\u00e1ny\u00fa t\u00f6m\u00f6rs\u00e9gvizsg\u00e1l\u00f3<\/strong> \u00fagy tervezt\u00e9k, hogy teljes m\u00e9rt\u00e9kben megfeleljen az ISO 9895 szabv\u00e1nynak, \u00e9s prec\u00edzi\u00f3s szor\u00edt\u00f3mechanik\u00e1t, stabil pofaszab\u00e1lyoz\u00e1st \u00e9s intelligens vez\u00e9rl\u0151fel\u00fcletet tartalmaz, amely biztos\u00edtja a k\u00f6vetkez\u0151ket <strong data-start=\"3171\" data-end=\"3185\">megism\u00e9telhet\u0151<\/strong> \u00e9s <strong data-start=\"3190\" data-end=\"3215\">standardiz\u00e1lt SCT teszt<\/strong> eredm\u00e9nyek.<\/p>\n\n\n\n<figure class=\"wp-block-embed is-type-video is-provider-youtube wp-block-embed-youtube wp-embed-aspect-16-9 wp-has-aspect-ratio\"><div class=\"wp-block-embed__wrapper\">\n<div class=\"ast-oembed-container\" style=\"height: 100%;\"><iframe title=\"R\u00f6vidt\u00e1v\u00fa t\u00f6m\u00f6r\u00edt\u00e9si tesztel\u0151\" width=\"500\" height=\"281\" src=\"https:\/\/www.youtube.com\/embed\/FXr-QgOkRws?feature=oembed\" frameborder=\"0\" allow=\"accelerometer; autoplay; clipboard-write; encrypted-media; gyroscope; picture-in-picture; web-share\" referrerpolicy=\"strict-origin-when-cross-origin\" allowfullscreen><\/iframe><\/div>\n<\/div><\/figure>\n\n\n\n<h2 class=\"wp-block-heading\">A Board Short Span Test alkalmaz\u00e1sai a min\u0151s\u00e9gellen\u0151rz\u00e9sben<\/h2>\n\n\n\n<p>A <strong data-start=\"3291\" data-end=\"3316\">t\u00e1bla r\u00f6vid id\u0151tartam\u00fa teszt<\/strong> a k\u00fcl\u00f6nb\u00f6z\u0151 ipar\u00e1gak min\u0151s\u00e9gbiztos\u00edt\u00e1s\u00e1nak szerves r\u00e9sz\u00e9t k\u00e9pezi:<\/p>\n\n\n\n<ul class=\"wp-block-list\">\n<li><strong data-start=\"3380\" data-end=\"3411\">Hull\u00e1mkarton gy\u00e1rt\u00e1sa<\/strong>: a dobozok szil\u00e1rds\u00e1g\u00e1nak el\u0151rejelz\u00e9se egym\u00e1sra rakod\u00e1si terhel\u00e9sek eset\u00e9n<\/li>\n\n\n\n<li><strong data-start=\"3460\" data-end=\"3475\">Pap\u00edrgy\u00e1rak<\/strong>: a b\u00e9l\u00e9s \u00e9s a bord\u00e1zat MD \u00e9s CD szil\u00e1rds\u00e1g\u00e1nak \u00e9rt\u00e9kel\u00e9s\u00e9hez<\/li>\n\n\n\n<li><strong data-start=\"3534\" data-end=\"3558\">Csomagol\u00e1si \u00e1talak\u00edt\u00f3k<\/strong>: az anyag alkalmass\u00e1g\u00e1nak ellen\u0151rz\u00e9se a nagy ig\u00e9nybev\u00e9tel\u0171 csomagol\u00e1sokn\u00e1l<\/li>\n\n\n\n<li><strong data-start=\"3618\" data-end=\"3643\">Szab\u00e1lyoz\u00e1si megfelel\u00e9s<\/strong>: az ISO \u00e9s a vev\u0151i el\u0151\u00edr\u00e1soknak val\u00f3 megfelel\u00e9s \u00e9rdek\u00e9ben<\/li>\n<\/ul>\n\n\n\n<p>A <strong data-start=\"3690\" data-end=\"3714\">kompakt vizsg\u00e1lati ter\u00fclet<\/strong> \u00e9s <strong data-start=\"3719\" data-end=\"3733\">r\u00f6vid id\u0151intervallum<\/strong> konfigur\u00e1ci\u00f3j\u00e1nak k\u00f6sz\u00f6nhet\u0151en k\u00fcl\u00f6n\u00f6sen \u00e9rz\u00e9kenyen reag\u00e1l a sz\u00e1lak orient\u00e1ci\u00f3j\u00e1nak, a k\u00f6t\u00e9s min\u0151s\u00e9g\u00e9nek \u00e9s a finom\u00edt\u00e1si k\u00f6r\u00fclm\u00e9nyeknek a gy\u00e1rt\u00e1s sor\u00e1n bek\u00f6vetkez\u0151 v\u00e1ltoz\u00e1saira.<\/p>\n\n\n\n<h2 class=\"wp-block-heading\">R\u00f6vid nyomt\u00e1v\u00fa pap\u00edrvizsg\u00e1lat vs. hagyom\u00e1nyos t\u00f6m\u00f6r\u00edt\u00e9si vizsg\u00e1lat<\/h2>\n\n\n\n<p>A hagyom\u00e1nyos nyom\u00f3vizsg\u00e1latok (mint p\u00e9ld\u00e1ul a gy\u0171r\u0171- vagy peremz\u00faz\u00e1s) gyakran nem k\u00e9pesek elk\u00fcl\u00f6n\u00edteni a lemezek saj\u00e1t tulajdons\u00e1gait. A <strong data-start=\"4052\" data-end=\"4077\">pap\u00edr r\u00f6vidt\u00e1v\u00fa teszt<\/strong>, azonban kiz\u00e1r\u00f3lag az anyag kis feszt\u00e1vols\u00e1gon bel\u00fcli \u00f6sszenyom\u00f3d\u00e1s\u00e1ra \u00f6sszpontos\u00edt - minim\u00e1lisra cs\u00f6kkentve a hajl\u00edt\u00e1si vagy csavarod\u00e1si hat\u00e1sokat.<\/p>\n\n\n\n<p>Ez a specifikuss\u00e1g lehet\u0151v\u00e9 teszi a gy\u00e1rt\u00f3k sz\u00e1m\u00e1ra, hogy:<\/p>\n\n\n\n<ul class=\"wp-block-list\">\n<li>Optimaliz\u00e1lja a sz\u00e1lak kiv\u00e1laszt\u00e1s\u00e1t \u00e9s a b\u00fatork\u00e9sz\u00edtm\u00e9ny \u00f6sszet\u00e9tel\u00e9t<\/li>\n\n\n\n<li>A finom\u00edt\u00e1s vagy a nedves v\u00e9gk\u00e9mia hat\u00e1sainak \u00e9rt\u00e9kel\u00e9se<\/li>\n\n\n\n<li>Mechanikai vagy k\u00e9miai k\u00f6vetkezetlens\u00e9gek \u00e9szlel\u00e9se a termel\u00e9sben<\/li>\n<\/ul>\n\n\n\n<h2 class=\"wp-block-heading\">A megfelel\u0151 eszk\u00f6z kiv\u00e1laszt\u00e1sa: R\u00f6vidt\u00e1v\u00fa t\u00f6m\u00f6r\u00edt\u00e9si teszter<\/h2>\n\n\n\n<p>A nagy pontoss\u00e1gra \u00e9s a k\u00f6vetkez\u0151knek val\u00f3 megfelel\u00e9sre t\u00f6rekv\u0151 gy\u00e1rt\u00f3k sz\u00e1m\u00e1ra <strong data-start=\"4521\" data-end=\"4533\">ISO 9895<\/strong>, a <strong data-start=\"4539\" data-end=\"4566\">Cell Instruments <a href=\"https:\/\/www.packqc.com\/hu\/product\/iso-9895-short-span-compression-tester\/\">SCT-01<\/a><\/strong> aj\u00e1nlatok:<\/p>\n\n\n\n<ul class=\"wp-block-list\">\n<li>Teljesen automatiz\u00e1lt m\u0171k\u00f6d\u00e9s intuit\u00edv kezel\u0151fel\u00fclettel<\/li>\n\n\n\n<li>Prec\u00edzi\u00f3s igaz\u00edt\u00e1s\u00fa bilincsek minim\u00e1lis elt\u00e9r\u00e9ssel<\/li>\n\n\n\n<li>Val\u00f3s idej\u0171 er\u0151megjelen\u00edt\u00e9s \u00e9s nagy felbont\u00e1s\u00fa adatgy\u0171jt\u00e9s<\/li>\n\n\n\n<li>Egyszer\u0171 kalibr\u00e1l\u00e1s nyomon k\u00f6vethet\u0151 szabv\u00e1nyokkal<\/li>\n\n\n\n<li>Robusztus mechanika, amely \u00e9vekig egyenletes teljes\u00edtm\u00e9nyt biztos\u00edt<\/li>\n<\/ul>\n\n\n\n<p>Az\u00e1ltal, hogy ezt a tesztel\u0151t a rutin laborat\u00f3riumi munkafolyamatokba integr\u00e1lj\u00e1k, a min\u0151s\u00e9gellen\u0151rz\u0151 csapatok jobb ellen\u0151rz\u00e9st biztos\u00edthatnak a term\u00e9k teljes\u00edtm\u00e9nye felett, cs\u00f6kkenthetik a v\u00e1ltoz\u00e9konys\u00e1got, \u00e9s megfelelhetnek a glob\u00e1lis vev\u0151i ig\u00e9nyeknek.<\/p>\n\n\n\n<h2 class=\"wp-block-heading\">Kapcsolatfelv\u00e9tel ISO 9895 vizsg\u00e1lati megold\u00e1s <\/h2>\n\n\n\n<p><strong data-start=\"5051\" data-end=\"5063\">ISO 9895<\/strong> kritikus m\u00f3dszert k\u00edn\u00e1l a pap\u00edr \u00e9s a karton nyom\u00f3szil\u00e1rds\u00e1g\u00e1nak meghat\u00e1roz\u00e1s\u00e1ra a <strong data-start=\"5159\" data-end=\"5190\">r\u00f6vid t\u00e1v\u00fa nyom\u00f3pr\u00f3ba<\/strong>. Ak\u00e1r a csomagol\u00e1s, a feldolgoz\u00e1s vagy a pap\u00edrgy\u00e1rt\u00e1s ter\u00fclet\u00e9n dolgozik, ez a szabv\u00e1ny betekint\u00e9st ny\u00fajt az anyag szil\u00e1rds\u00e1gi jellemz\u0151ibe mind g\u00e9pi, mind keresztir\u00e1nyban.<\/p>\n\n\n\n<p>A legnagyobb pontoss\u00e1g\u00fa \u00e9s megism\u00e9telhet\u0151s\u00e9g\u0171 SCT-vizsg\u00e1latok elv\u00e9gz\u00e9s\u00e9hez javasoljuk a <strong data-start=\"5449\" data-end=\"5509\">SCT-01 R\u00f6vid nyomt\u00e1v\u00fa t\u00f6m\u00f6rs\u00e9gm\u00e9r\u0151 a k\u00f6vetkez\u0151kt\u0151l <a href=\"https:\/\/www.packqc.com\/hu\/\">Cell Instruments<\/a><\/strong>-megb\u00edzhat\u00f3 partnere a karton \u00e9s a pap\u00edr nyom\u00f3szil\u00e1rds\u00e1g\u00e1nak elemz\u00e9s\u00e9hez.<\/p>\n\n\n\n<h2 class=\"wp-block-heading\">GYIK<\/h2>\n\n\n\n<p>1. Mire haszn\u00e1lj\u00e1k az ISO 9895-\u00f6t?<br>Az ISO 9895 meghat\u00e1rozza a pap\u00edr \u00e9s a karton nyom\u00f3szil\u00e1rds\u00e1g\u00e1nak m\u00e9r\u00e9si m\u00f3dszer\u00e9t a r\u00f6vidt\u00e1v\u00fa nyom\u00f3pr\u00f3ba alkalmaz\u00e1s\u00e1val, amely elengedhetetlen a csomagol\u00e1s \u00e9s a kartongy\u00e1rt\u00e1s min\u0151s\u00e9gellen\u0151rz\u00e9s\u00e9hez.<\/p>\n\n\n\n<p>2. Hogyan m\u0171k\u00f6dik a r\u00f6vid nyom\u00f3vizsg\u00e1lat?<br>Egy 15 mm sz\u00e9les pap\u00edrcs\u00edkot egy 0,7 mm-es szakaszon addig nyomnak \u00f6ssze, am\u00edg meg nem csuklik. A maxim\u00e1lis er\u0151t feljegyezz\u00fck \u00e9s a nyom\u00f3szil\u00e1rds\u00e1g kisz\u00e1m\u00edt\u00e1s\u00e1hoz haszn\u00e1ljuk.<\/p>\n\n\n\n<p>3. Mi\u00e9rt el\u0151ny\u00f6s az SCT-vizsg\u00e1lat a csomagol\u00e1si alkalmaz\u00e1sokban?<br>Mivel szorosan t\u00fckr\u00f6zi a hull\u00e1mkartonok rakod\u00e1si szil\u00e1rds\u00e1g\u00e1t, \u00e9s seg\u00edti a gy\u00e1rt\u00f3kat az anyag szil\u00e1rds\u00e1g\u00e1nak hat\u00e9kony ellen\u0151rz\u00e9s\u00e9ben.<\/p>\n\n\n\n<p>4. Milyen grammar\u00e1ny\u00fa tartom\u00e1nyban <a href=\"https:\/\/www.iso.org\/standard\/41400.html\" target=\"_blank\" rel=\"noreferrer noopener nofollow\">ISO 9895<\/a> vonatkozik?<br>A szabv\u00e1ny a 100 \u00e9s 400 g\/m\u00b2 k\u00f6z\u00f6tti s\u00faly\u00fa pap\u00edrokra \u00e9s kartonokra vonatkozik.<\/p>","protected":false},"excerpt":{"rendered":"<p>Understanding the SCT Test and Its Industrial Importance The SCT test, or short-span compression test, is essential for evaluating the in-plane compressive strength of paper and board materials. It simulates the stresses encountered during stacking, loading, and packaging applications\u2014particularly in corrugated board manufacturing. The ISO 9895 method uses a short span compression tester to clamp [&hellip;]<\/p>","protected":false},"featured_media":6385,"parent":0,"template":"","meta":{"_acf_changed":true,"site-sidebar-layout":"default","site-content-layout":"","ast-site-content-layout":"default","site-content-style":"default","site-sidebar-style":"default","ast-global-header-display":"","ast-banner-title-visibility":"","ast-main-header-display":"","ast-hfb-above-header-display":"","ast-hfb-below-header-display":"","ast-hfb-mobile-header-display":"","site-post-title":"","ast-breadcrumbs-content":"","ast-featured-img":"","footer-sml-layout":"","theme-transparent-header-meta":"","adv-header-id-meta":"","stick-header-meta":"","header-above-stick-meta":"","header-main-stick-meta":"","header-below-stick-meta":"","astra-migrate-meta-layouts":"set","ast-page-background-enabled":"default","ast-page-background-meta":{"desktop":{"background-color":"var(--ast-global-color-4)","background-image":"","background-repeat":"repeat","background-position":"center center","background-size":"auto","background-attachment":"scroll","background-type":"","background-media":"","overlay-type":"","overlay-color":"","overlay-gradient":""},"tablet":{"background-color":"","background-image":"","background-repeat":"repeat","background-position":"center center","background-size":"auto","background-attachment":"scroll","background-type":"","background-media":"","overlay-type":"","overlay-color":"","overlay-gradient":""},"mobile":{"background-color":"","background-image":"","background-repeat":"repeat","background-position":"center center","background-size":"auto","background-attachment":"scroll","background-type":"","background-media":"","overlay-type":"","overlay-color":"","overlay-gradient":""}},"ast-content-background-meta":{"desktop":{"background-color":"var(--ast-global-color-5)","background-image":"","background-repeat":"repeat","background-position":"center center","background-size":"auto","background-attachment":"scroll","background-type":"","background-media":"","overlay-type":"","overlay-color":"","overlay-gradient":""},"tablet":{"background-color":"var(--ast-global-color-5)","background-image":"","background-repeat":"repeat","background-position":"center center","background-size":"auto","background-attachment":"scroll","background-type":"","background-media":"","overlay-type":"","overlay-color":"","overlay-gradient":""},"mobile":{"background-color":"var(--ast-global-color-5)","background-image":"","background-repeat":"repeat","background-position":"center center","background-size":"auto","background-attachment":"scroll","background-type":"","background-media":"","overlay-type":"","overlay-color":"","overlay-gradient":""}}},"standard-category":[612],"class_list":["post-9847","standard","type-standard","status-publish","has-post-thumbnail","hentry","standard-category-iso"],"acf":[],"_links":{"self":[{"href":"https:\/\/www.packqc.com\/hu\/wp-json\/wp\/v2\/standard\/9847","targetHints":{"allow":["GET"]}}],"collection":[{"href":"https:\/\/www.packqc.com\/hu\/wp-json\/wp\/v2\/standard"}],"about":[{"href":"https:\/\/www.packqc.com\/hu\/wp-json\/wp\/v2\/types\/standard"}],"wp:featuredmedia":[{"embeddable":true,"href":"https:\/\/www.packqc.com\/hu\/wp-json\/wp\/v2\/media\/6385"}],"wp:attachment":[{"href":"https:\/\/www.packqc.com\/hu\/wp-json\/wp\/v2\/media?parent=9847"}],"wp:term":[{"taxonomy":"standard-category","embeddable":true,"href":"https:\/\/www.packqc.com\/hu\/wp-json\/wp\/v2\/standard-category?post=9847"}],"curies":[{"name":"wp","href":"https:\/\/api.w.org\/{rel}","templated":true}]}}